{"id":5992,"date":"2021-05-28T13:05:01","date_gmt":"2021-05-28T11:05:01","guid":{"rendered":"https:\/\/www.amit-transportation.com\/wp-content\/uploads\/2021\/05\/innotrans2018_expomedia_amit_0112-001.jpg"},"modified":"2021-05-28T13:05:01","modified_gmt":"2021-05-28T11:05:01","slug":"fotograf-jan-volejnicek-5-2","status":"inherit","type":"attachment","link":"https:\/\/amit-transportation.com\/en\/vystavy-v-roce-2021\/fotograf-jan-volejnicek-5-2\/","title":{"rendered":"Fotograf Jan Volejn\u00ed\u010dek"},"author":39,"featured_media":0,"comment_status":"closed","ping_status":"closed","template":"","meta":[],"class_list":["post-5992","attachment","type-attachment","status-inherit","hentry"],"yoast_head":"<!-- This site is optimized with the Yoast SEO plugin v27.5 - https:\/\/yoast.com\/product\/yoast-seo-wordpress\/ -->\n<title>Fotograf Jan Volejn\u00ed\u010dek - AMiT Transportation<\/title>\n<meta name=\"robots\" content=\"index, follow, max-snippet:-1, max-image-preview:large, max-video-preview:-1\" \/>\n<link rel=\"canonical\" href=\"https:\/\/amit-transportation.com\/wp-content\/uploads\/2021\/05\/innotrans2018_expomedia_amit_0112-001.jpg\" \/>\n<meta property=\"og:locale\" content=\"en_US\" \/>\n<meta property=\"og:type\" content=\"article\" \/>\n<meta property=\"og:title\" content=\"Fotograf Jan Volejn\u00ed\u010dek - AMiT Transportation\" \/>\n<meta property=\"og:url\" content=\"https:\/\/amit-transportation.com\/wp-content\/uploads\/2021\/05\/innotrans2018_expomedia_amit_0112-001.jpg\" \/>\n<meta property=\"og:site_name\" content=\"AMiT Transportation\" \/>\n<meta property=\"og:image\" content=\"https:\/\/amit-transportation.com\/wp-content\/uploads\/2021\/05\/innotrans2018_expomedia_amit_0112-001.jpg\" \/>\n\t<meta property=\"og:image:width\" content=\"1600\" \/>\n\t<meta property=\"og:image:height\" content=\"901\" \/>\n\t<meta property=\"og:image:type\" content=\"image\/jpeg\" \/>\n<meta name=\"twitter:card\" content=\"summary_large_image\" \/>\n<script type=\"application\/ld+json\" class=\"yoast-schema-graph\">{\"@context\":\"https:\\\/\\\/schema.org\",\"@graph\":[{\"@type\":\"WebPage\",\"@id\":\"https:\\\/\\\/amit-transportation.com\\\/wp-content\\\/uploads\\\/2021\\\/05\\\/innotrans2018_expomedia_amit_0112-001.jpg\",\"url\":\"https:\\\/\\\/amit-transportation.com\\\/wp-content\\\/uploads\\\/2021\\\/05\\\/innotrans2018_expomedia_amit_0112-001.jpg\",\"name\":\"Fotograf Jan Volejn\u00ed\u010dek - AMiT Transportation\",\"isPartOf\":{\"@id\":\"https:\\\/\\\/amit-transportation.com\\\/#website\"},\"datePublished\":\"2021-05-28T11:05:01+00:00\",\"breadcrumb\":{\"@id\":\"https:\\\/\\\/amit-transportation.com\\\/wp-content\\\/uploads\\\/2021\\\/05\\\/innotrans2018_expomedia_amit_0112-001.jpg#breadcrumb\"},\"inLanguage\":\"en-US\",\"potentialAction\":[{\"@type\":\"ReadAction\",\"target\":[\"https:\\\/\\\/amit-transportation.com\\\/wp-content\\\/uploads\\\/2021\\\/05\\\/innotrans2018_expomedia_amit_0112-001.jpg\"]}]},{\"@type\":\"BreadcrumbList\",\"@id\":\"https:\\\/\\\/amit-transportation.com\\\/wp-content\\\/uploads\\\/2021\\\/05\\\/innotrans2018_expomedia_amit_0112-001.jpg#breadcrumb\",\"itemListElement\":[{\"@type\":\"ListItem\",\"position\":1,\"name\":\"Home\",\"item\":\"https:\\\/\\\/amit-transportation.com\\\/\"},{\"@type\":\"ListItem\",\"position\":2,\"name\":\"Exhibitions in 2021\",\"item\":\"https:\\\/\\\/amit-transportation.com\\\/en\\\/vystavy-v-roce-2021\\\/\"},{\"@type\":\"ListItem\",\"position\":3,\"name\":\"Fotograf Jan Volejn\u00ed\u010dek\"}]},{\"@type\":\"WebSite\",\"@id\":\"https:\\\/\\\/amit-transportation.com\\\/#website\",\"url\":\"https:\\\/\\\/amit-transportation.com\\\/\",\"name\":\"AMiT Transportation\",\"description\":\"Elektronika pro kolejov\u00e1 vozidla a ve\u0159ejnou dopravu\",\"publisher\":{\"@id\":\"https:\\\/\\\/amit-transportation.com\\\/#organization\"},\"potentialAction\":[{\"@type\":\"SearchAction\",\"target\":{\"@type\":\"EntryPoint\",\"urlTemplate\":\"https:\\\/\\\/amit-transportation.com\\\/?s={search_term_string}\"},\"query-input\":{\"@type\":\"PropertyValueSpecification\",\"valueRequired\":true,\"valueName\":\"search_term_string\"}}],\"inLanguage\":\"en-US\"},{\"@type\":\"Organization\",\"@id\":\"https:\\\/\\\/amit-transportation.com\\\/#organization\",\"name\":\"AMiT Transportation\",\"url\":\"https:\\\/\\\/amit-transportation.com\\\/\",\"logo\":{\"@type\":\"ImageObject\",\"inLanguage\":\"en-US\",\"@id\":\"https:\\\/\\\/amit-transportation.com\\\/#\\\/schema\\\/logo\\\/image\\\/\",\"url\":\"https:\\\/\\\/amit-transportation.com\\\/wp-content\\\/uploads\\\/2024\\\/07\\\/amit_logo_white.svg\",\"contentUrl\":\"https:\\\/\\\/amit-transportation.com\\\/wp-content\\\/uploads\\\/2024\\\/07\\\/amit_logo_white.svg\",\"caption\":\"AMiT Transportation\"},\"image\":{\"@id\":\"https:\\\/\\\/amit-transportation.com\\\/#\\\/schema\\\/logo\\\/image\\\/\"}}]}<\/script>\n<!-- \/ Yoast SEO plugin. -->","yoast_head_json":{"title":"Fotograf Jan Volejn\u00ed\u010dek - AMiT Transportation","robots":{"index":"index","follow":"follow","max-snippet":"max-snippet:-1","max-image-preview":"max-image-preview:large","max-video-preview":"max-video-preview:-1"},"canonical":"https:\/\/amit-transportation.com\/wp-content\/uploads\/2021\/05\/innotrans2018_expomedia_amit_0112-001.jpg","og_locale":"en_US","og_type":"article","og_title":"Fotograf Jan Volejn\u00ed\u010dek - AMiT Transportation","og_url":"https:\/\/amit-transportation.com\/wp-content\/uploads\/2021\/05\/innotrans2018_expomedia_amit_0112-001.jpg","og_site_name":"AMiT Transportation","og_image":[{"width":1600,"height":901,"url":"https:\/\/amit-transportation.com\/wp-content\/uploads\/2021\/05\/innotrans2018_expomedia_amit_0112-001.jpg","type":"image\/jpeg"}],"twitter_card":"summary_large_image","schema":{"@context":"https:\/\/schema.org","@graph":[{"@type":"WebPage","@id":"https:\/\/amit-transportation.com\/wp-content\/uploads\/2021\/05\/innotrans2018_expomedia_amit_0112-001.jpg","url":"https:\/\/amit-transportation.com\/wp-content\/uploads\/2021\/05\/innotrans2018_expomedia_amit_0112-001.jpg","name":"Fotograf Jan Volejn\u00ed\u010dek - AMiT Transportation","isPartOf":{"@id":"https:\/\/amit-transportation.com\/#website"},"datePublished":"2021-05-28T11:05:01+00:00","breadcrumb":{"@id":"https:\/\/amit-transportation.com\/wp-content\/uploads\/2021\/05\/innotrans2018_expomedia_amit_0112-001.jpg#breadcrumb"},"inLanguage":"en-US","potentialAction":[{"@type":"ReadAction","target":["https:\/\/amit-transportation.com\/wp-content\/uploads\/2021\/05\/innotrans2018_expomedia_amit_0112-001.jpg"]}]},{"@type":"BreadcrumbList","@id":"https:\/\/amit-transportation.com\/wp-content\/uploads\/2021\/05\/innotrans2018_expomedia_amit_0112-001.jpg#breadcrumb","itemListElement":[{"@type":"ListItem","position":1,"name":"Home","item":"https:\/\/amit-transportation.com\/"},{"@type":"ListItem","position":2,"name":"Exhibitions in 2021","item":"https:\/\/amit-transportation.com\/en\/vystavy-v-roce-2021\/"},{"@type":"ListItem","position":3,"name":"Fotograf Jan Volejn\u00ed\u010dek"}]},{"@type":"WebSite","@id":"https:\/\/amit-transportation.com\/#website","url":"https:\/\/amit-transportation.com\/","name":"AMiT Transportation","description":"Elektronika pro kolejov\u00e1 vozidla a ve\u0159ejnou dopravu","publisher":{"@id":"https:\/\/amit-transportation.com\/#organization"},"potentialAction":[{"@type":"SearchAction","target":{"@type":"EntryPoint","urlTemplate":"https:\/\/amit-transportation.com\/?s={search_term_string}"},"query-input":{"@type":"PropertyValueSpecification","valueRequired":true,"valueName":"search_term_string"}}],"inLanguage":"en-US"},{"@type":"Organization","@id":"https:\/\/amit-transportation.com\/#organization","name":"AMiT Transportation","url":"https:\/\/amit-transportation.com\/","logo":{"@type":"ImageObject","inLanguage":"en-US","@id":"https:\/\/amit-transportation.com\/#\/schema\/logo\/image\/","url":"https:\/\/amit-transportation.com\/wp-content\/uploads\/2024\/07\/amit_logo_white.svg","contentUrl":"https:\/\/amit-transportation.com\/wp-content\/uploads\/2024\/07\/amit_logo_white.svg","caption":"AMiT Transportation"},"image":{"@id":"https:\/\/amit-transportation.com\/#\/schema\/logo\/image\/"}}]}},"description":{"rendered":"<p class=\"attachment\"><a href='https:\/\/amit-transportation.com\/wp-content\/uploads\/2021\/05\/innotrans2018_expomedia_amit_0112-001.jpg'><img fetchpriority=\"high\" decoding=\"async\" width=\"300\" height=\"169\" src=\"https:\/\/amit-transportation.com\/wp-content\/uploads\/2021\/05\/innotrans2018_expomedia_amit_0112-001-300x169.jpg\" class=\"attachment-medium size-medium\" alt=\"\" srcset=\"https:\/\/amit-transportation.com\/wp-content\/uploads\/2021\/05\/innotrans2018_expomedia_amit_0112-001-300x169.jpg 300w, https:\/\/amit-transportation.com\/wp-content\/uploads\/2021\/05\/innotrans2018_expomedia_amit_0112-001-1024x577.jpg 1024w, https:\/\/amit-transportation.com\/wp-content\/uploads\/2021\/05\/innotrans2018_expomedia_amit_0112-001-768x432.jpg 768w, https:\/\/amit-transportation.com\/wp-content\/uploads\/2021\/05\/innotrans2018_expomedia_amit_0112-001-1536x865.jpg 1536w, https:\/\/amit-transportation.com\/wp-content\/uploads\/2021\/05\/innotrans2018_expomedia_amit_0112-001-150x84.jpg 150w, https:\/\/amit-transportation.com\/wp-content\/uploads\/2021\/05\/innotrans2018_expomedia_amit_0112-001-486x274.jpg 486w, https:\/\/amit-transportation.com\/wp-content\/uploads\/2021\/05\/innotrans2018_expomedia_amit_0112-001-24x14.jpg 24w, https:\/\/amit-transportation.com\/wp-content\/uploads\/2021\/05\/innotrans2018_expomedia_amit_0112-001-36x20.jpg 36w, https:\/\/amit-transportation.com\/wp-content\/uploads\/2021\/05\/innotrans2018_expomedia_amit_0112-001-48x27.jpg 48w, https:\/\/amit-transportation.com\/wp-content\/uploads\/2021\/05\/innotrans2018_expomedia_amit_0112-001.jpg 1600w\" sizes=\"(max-width: 300px) 100vw, 300px\" \/><\/a><\/p>\n"},"caption":{"rendered":""},"alt_text":"","media_type":"image","mime_type":"image\/jpeg","media_details":{"width":1600,"height":901,"file":"2021\/05\/innotrans2018_expomedia_amit_0112-001.jpg","sizes":{"medium":{"file":"innotrans2018_expomedia_amit_0112-001-300x169.jpg","width":300,"height":169,"mime_type":"image\/jpeg","source_url":"https:\/\/amit-transportation.com\/wp-content\/uploads\/2021\/05\/innotrans2018_expomedia_amit_0112-001-300x169.jpg"},"large":{"file":"innotrans2018_expomedia_amit_0112-001-1024x577.jpg","width":1024,"height":577,"mime_type":"image\/jpeg","source_url":"https:\/\/amit-transportation.com\/wp-content\/uploads\/2021\/05\/innotrans2018_expomedia_amit_0112-001-1024x577.jpg"},"thumbnail":{"file":"innotrans2018_expomedia_amit_0112-001-150x150.jpg","width":150,"height":150,"mime_type":"image\/jpeg","source_url":"https:\/\/amit-transportation.com\/wp-content\/uploads\/2021\/05\/innotrans2018_expomedia_amit_0112-001-150x150.jpg"},"medium_large":{"file":"innotrans2018_expomedia_amit_0112-001-768x432.jpg","width":768,"height":432,"mime_type":"image\/jpeg","source_url":"https:\/\/amit-transportation.com\/wp-content\/uploads\/2021\/05\/innotrans2018_expomedia_amit_0112-001-768x432.jpg"},"1536x1536":{"file":"innotrans2018_expomedia_amit_0112-001-1536x865.jpg","width":1536,"height":865,"mime_type":"image\/jpeg","source_url":"https:\/\/amit-transportation.com\/wp-content\/uploads\/2021\/05\/innotrans2018_expomedia_amit_0112-001-1536x865.jpg"},"list-thumbnail":{"file":"innotrans2018_expomedia_amit_0112-001-150x84.jpg","width":150,"height":84,"mime_type":"image\/jpeg","source_url":"https:\/\/amit-transportation.com\/wp-content\/uploads\/2021\/05\/innotrans2018_expomedia_amit_0112-001-150x84.jpg"},"mini-thumbnail":{"file":"innotrans2018_expomedia_amit_0112-001-50x50.jpg","width":50,"height":50,"mime_type":"image\/jpeg","source_url":"https:\/\/amit-transportation.com\/wp-content\/uploads\/2021\/05\/innotrans2018_expomedia_amit_0112-001-50x50.jpg"},"semi-thumbnail":{"file":"innotrans2018_expomedia_amit_0112-001-486x274.jpg","width":486,"height":274,"mime_type":"image\/jpeg","source_url":"https:\/\/amit-transportation.com\/wp-content\/uploads\/2021\/05\/innotrans2018_expomedia_amit_0112-001-486x274.jpg"},"news-thumbnail":{"file":"innotrans2018_expomedia_amit_0112-001-170x173.jpg","width":170,"height":173,"mime_type":"image\/jpeg","source_url":"https:\/\/amit-transportation.com\/wp-content\/uploads\/2021\/05\/innotrans2018_expomedia_amit_0112-001-170x173.jpg"},"head-thumb-hd":{"file":"innotrans2018_expomedia_amit_0112-001-1600x228.jpg","width":1600,"height":228,"mime_type":"image\/jpeg","source_url":"https:\/\/amit-transportation.com\/wp-content\/uploads\/2021\/05\/innotrans2018_expomedia_amit_0112-001-1600x228.jpg"},"head-thumb-d":{"file":"innotrans2018_expomedia_amit_0112-001-1366x228.jpg","width":1366,"height":228,"mime_type":"image\/jpeg","source_url":"https:\/\/amit-transportation.com\/wp-content\/uploads\/2021\/05\/innotrans2018_expomedia_amit_0112-001-1366x228.jpg"},"head-thumb-t":{"file":"innotrans2018_expomedia_amit_0112-001-1024x228.jpg","width":1024,"height":228,"mime_type":"image\/jpeg","source_url":"https:\/\/amit-transportation.com\/wp-content\/uploads\/2021\/05\/innotrans2018_expomedia_amit_0112-001-1024x228.jpg"},"head-thumb-m":{"file":"innotrans2018_expomedia_amit_0112-001-320x228.jpg","width":320,"height":228,"mime_type":"image\/jpeg","source_url":"https:\/\/amit-transportation.com\/wp-content\/uploads\/2021\/05\/innotrans2018_expomedia_amit_0112-001-320x228.jpg"},"home-thumb-hd":{"file":"innotrans2018_expomedia_amit_0112-001-1600x461.jpg","width":1600,"height":461,"mime_type":"image\/jpeg","source_url":"https:\/\/amit-transportation.com\/wp-content\/uploads\/2021\/05\/innotrans2018_expomedia_amit_0112-001-1600x461.jpg"},"home-thumb-d":{"file":"innotrans2018_expomedia_amit_0112-001-1366x461.jpg","width":1366,"height":461,"mime_type":"image\/jpeg","source_url":"https:\/\/amit-transportation.com\/wp-content\/uploads\/2021\/05\/innotrans2018_expomedia_amit_0112-001-1366x461.jpg"},"home-thumb-t":{"file":"innotrans2018_expomedia_amit_0112-001-1024x461.jpg","width":1024,"height":461,"mime_type":"image\/jpeg","source_url":"https:\/\/amit-transportation.com\/wp-content\/uploads\/2021\/05\/innotrans2018_expomedia_amit_0112-001-1024x461.jpg"},"home-thumb-m":{"file":"innotrans2018_expomedia_amit_0112-001-320x461.jpg","width":320,"height":461,"mime_type":"image\/jpeg","source_url":"https:\/\/amit-transportation.com\/wp-content\/uploads\/2021\/05\/innotrans2018_expomedia_amit_0112-001-320x461.jpg"},"menu-24x24":{"file":"innotrans2018_expomedia_amit_0112-001-24x14.jpg","width":24,"height":14,"mime_type":"image\/jpeg","source_url":"https:\/\/amit-transportation.com\/wp-content\/uploads\/2021\/05\/innotrans2018_expomedia_amit_0112-001-24x14.jpg"},"menu-36x36":{"file":"innotrans2018_expomedia_amit_0112-001-36x20.jpg","width":36,"height":20,"mime_type":"image\/jpeg","source_url":"https:\/\/amit-transportation.com\/wp-content\/uploads\/2021\/05\/innotrans2018_expomedia_amit_0112-001-36x20.jpg"},"menu-48x48":{"file":"innotrans2018_expomedia_amit_0112-001-48x27.jpg","width":48,"height":27,"mime_type":"image\/jpeg","source_url":"https:\/\/amit-transportation.com\/wp-content\/uploads\/2021\/05\/innotrans2018_expomedia_amit_0112-001-48x27.jpg"},"full":{"file":"innotrans2018_expomedia_amit_0112-001.jpg","width":1600,"height":901,"mime_type":"image\/jpeg","source_url":"https:\/\/amit-transportation.com\/wp-content\/uploads\/2021\/05\/innotrans2018_expomedia_amit_0112-001.jpg"}},"image_meta":{"aperture":"11","credit":"Jan Volejn\u00ed\u010dek","camera":"Canon EOS 5D Mark IV","caption":"","created_timestamp":"1537346083","copyright":"Jan Volejn\u00ed\u010dek","focal_length":"21","iso":"100","shutter_speed":"0.4","title":"Fotograf Jan Volejn\u00ed\u010dek","orientation":"0","keywords":["Amit","InnoTrans 2018"]}},"post":6000,"source_url":"https:\/\/amit-transportation.com\/wp-content\/uploads\/2021\/05\/innotrans2018_expomedia_amit_0112-001.jpg","_links":{"self":[{"href":"https:\/\/amit-transportation.com\/en\/wp-json\/wp\/v2\/media\/5992","targetHints":{"allow":["GET"]}}],"collection":[{"href":"https:\/\/amit-transportation.com\/en\/wp-json\/wp\/v2\/media"}],"about":[{"href":"https:\/\/amit-transportation.com\/en\/wp-json\/wp\/v2\/types\/attachment"}],"author":[{"embeddable":true,"href":"https:\/\/amit-transportation.com\/en\/wp-json\/wp\/v2\/users\/39"}],"wp:attached-to":[{"embeddable":true,"post_type":"post","id":6000,"href":"https:\/\/amit-transportation.com\/en\/wp-json\/wp\/v2\/posts\/6000"}],"curies":[{"name":"wp","href":"https:\/\/api.w.org\/{rel}","templated":true}]}}